{"id":274,"date":"2020-11-02T22:18:50","date_gmt":"2020-11-03T01:18:50","guid":{"rendered":"http:\/\/gestosemblematicos.vaelp-tl.com\/?page_id=274"},"modified":"2020-11-17T14:43:29","modified_gmt":"2020-11-17T17:43:29","slug":"perfil-dos-participantes","status":"publish","type":"page","link":"https:\/\/gestosemblematicos.vaelp-tl.com\/index.php\/perfil-dos-participantes\/","title":{"rendered":"Perfil dos Participantes"},"content":{"rendered":"<p style=\"text-align: center;\"><span style=\"font-size: 14pt; color: #000000;\"><strong>Perfil dos Participantes<\/strong><\/span><\/p>\r\n<p style=\"text-align: justify;\"><span style=\"color: #000000;\">Para a obten\u00e7\u00e3o do tipo de dado previsto, uma amostra estratificada foi considerada na sele\u00e7\u00e3o dos participantes da pesquisa em proced\u00eancia, comunidade de pr\u00e1tica, sexo e escolaridade.<\/span><\/p>\r\n<p style=\"text-align: justify;\"><span style=\"color: #000000;\">Foram selecionados 20 falantes de cada um dos dois Estados da regi\u00e3o Nordeste para serem o <em>locus<\/em> da pesquisa, a saber: a) Pernambuco (PE); e b) Alagoas (AL). Em cada Estado alvo, foram entrevistados indiv\u00edduos pertencentes a tr\u00eas comunidades de pr\u00e1tica distintas: c) ind\u00edgena bil\u00edngue l\u00edngua materna\/portugu\u00eas; d) quilombola; e e) surdos bil\u00edngues libras\/portugu\u00eas, conforme descri\u00e7\u00e3o abaixo:<\/span><\/p>\r\n<table width=\"558\">\r\n<tbody>\r\n<tr>\r\n<td style=\"text-align: center;\" width=\"139\">\r\n<p><span style=\"color: #000000;\"><strong>Estado<\/strong><\/span><\/p>\r\n<\/td>\r\n<td style=\"text-align: center;\" width=\"139\">\r\n<p><span style=\"color: #000000;\"><strong>Grupo Ind\u00edgena<\/strong><\/span><\/p>\r\n<\/td>\r\n<td style=\"text-align: center;\" width=\"140\">\r\n<p><span style=\"color: #000000;\"><strong>Grupo Quilombola<\/strong><\/span><\/p>\r\n<\/td>\r\n<td style=\"text-align: center;\" width=\"140\">\r\n<p><span style=\"color: #000000;\"><strong>Grupo Urbano<\/strong><\/span><\/p>\r\n<\/td>\r\n<\/tr>\r\n<tr>\r\n<td width=\"139\">\r\n<p><span style=\"color: #000000;\">Pernambuco<\/span><\/p>\r\n<\/td>\r\n<td width=\"139\">\r\n<p><span style=\"color: #000000;\">Fulni-\u00f4, em \u00c1guas Belas.<\/span><\/p>\r\n<\/td>\r\n<td width=\"140\">\r\n<p><span style=\"color: #000000;\">Castainho, em Garanhuns.<\/span><\/p>\r\n<\/td>\r\n<td width=\"140\">\r\n<p><span style=\"color: #000000;\">____________________________________<\/span><\/p>\r\n<\/td>\r\n<\/tr>\r\n<tr>\r\n<td width=\"139\">\r\n<p><span style=\"color: #000000;\">Alagoas<\/span><\/p>\r\n<\/td>\r\n<td width=\"139\">\r\n<p><span style=\"color: #000000;\">Xukuru-Kariri (Boqueir\u00e3o), Palmeira dos \u00cdndios<\/span><\/p>\r\n<\/td>\r\n<td width=\"140\">\r\n<p><span style=\"color: #000000;\">Comunidade Quilombola de Muqu\u00e9m<\/span><\/p>\r\n<\/td>\r\n<td width=\"140\">\r\n<p><span style=\"color: #000000;\">Surdos bil\u00edngues libras\/portugu\u00eas<\/span><\/p>\r\n<\/td>\r\n<\/tr>\r\n<\/tbody>\r\n<\/table>\r\n<p style=\"text-align: justify;\"><span style=\"color: #000000;\">\u00a0 \u00a0 \u00a0<\/span><\/p>\r\n<p style=\"text-align: justify;\"><span style=\"color: #000000;\">Al\u00e9m de sofrerem estratifica\u00e7\u00e3o de proced\u00eancia e comunidade de pr\u00e1tica, os participantes foram estratificados em sexo &#8211; feminino (F) e masculino (M) &#8211; e escolaridade (baixa e alta). O projeto conta com uma amostra formada de 40 participantes, cujos perfil e distribui\u00e7\u00e3o s\u00e3o descritos abaixo:<\/span><\/p>\r\n<table width=\"567\">\r\n<tbody>\r\n<tr>\r\n<td style=\"text-align: center;\" width=\"193\">\r\n<p><span style=\"color: #000000;\"><strong>Comunidade de Pr\u00e1tica<\/strong><\/span><\/p>\r\n<\/td>\r\n<td style=\"text-align: center;\" width=\"151\">\r\n<p><span style=\"color: #000000;\"><strong>Sexo<\/strong><\/span><\/p>\r\n<\/td>\r\n<td style=\"text-align: center;\" width=\"111\">\r\n<p><span style=\"color: #000000;\"><strong>Escolaridade<\/strong><\/span><\/p>\r\n<\/td>\r\n<td style=\"text-align: center;\" width=\"111\">\r\n<p><span style=\"color: #000000;\"><strong>Total<\/strong><\/span><\/p>\r\n<\/td>\r\n<\/tr>\r\n<tr>\r\n<td rowspan=\"4\" width=\"193\">\r\n<p><span style=\"color: #000000;\">Ind\u00edgena (16)<\/span><\/p>\r\n<\/td>\r\n<td rowspan=\"2\" width=\"151\">\r\n<p><span style=\"color: #000000;\">Feminino (8)<\/span><\/p>\r\n<\/td>\r\n<td width=\"111\">\r\n<p><span style=\"color: #000000;\">baixa<\/span><\/p>\r\n<\/td>\r\n<td width=\"111\">\r\n<p><span style=\"color: #000000;\">4<\/span><\/p>\r\n<\/td>\r\n<\/tr>\r\n<tr>\r\n<td width=\"111\">\r\n<p><span style=\"color: #000000;\">alta<\/span><\/p>\r\n<\/td>\r\n<td width=\"111\">\r\n<p><span style=\"color: #000000;\">4<\/span><\/p>\r\n<\/td>\r\n<\/tr>\r\n<tr>\r\n<td rowspan=\"2\" width=\"151\">\r\n<p><span style=\"color: #000000;\">Masculino (8)<\/span><\/p>\r\n<\/td>\r\n<td width=\"111\">\r\n<p><span style=\"color: #000000;\">baixa<\/span><\/p>\r\n<\/td>\r\n<td width=\"111\">\r\n<p><span style=\"color: #000000;\">4<\/span><\/p>\r\n<\/td>\r\n<\/tr>\r\n<tr>\r\n<td width=\"111\">\r\n<p><span style=\"color: #000000;\">alta<\/span><\/p>\r\n<\/td>\r\n<td width=\"111\">\r\n<p><span style=\"color: #000000;\">4<\/span><\/p>\r\n<\/td>\r\n<\/tr>\r\n<tr>\r\n<td rowspan=\"4\" width=\"193\">\r\n<p><span style=\"color: #000000;\">Quilombola (16)<\/span><\/p>\r\n<\/td>\r\n<td rowspan=\"2\" width=\"151\">\r\n<p><span style=\"color: #000000;\">Feminino (8)<\/span><\/p>\r\n<\/td>\r\n<td width=\"111\">\r\n<p><span style=\"color: #000000;\">baixa<\/span><\/p>\r\n<\/td>\r\n<td width=\"111\">\r\n<p><span style=\"color: #000000;\">4<\/span><\/p>\r\n<\/td>\r\n<\/tr>\r\n<tr>\r\n<td width=\"111\">\r\n<p><span style=\"color: #000000;\">alta<\/span><\/p>\r\n<\/td>\r\n<td width=\"111\">\r\n<p><span style=\"color: #000000;\">4<\/span><\/p>\r\n<\/td>\r\n<\/tr>\r\n<tr>\r\n<td rowspan=\"2\" width=\"151\">\r\n<p><span style=\"color: #000000;\">Masculino (8)<\/span><\/p>\r\n<\/td>\r\n<td width=\"111\">\r\n<p><span style=\"color: #000000;\">baixa<\/span><\/p>\r\n<\/td>\r\n<td width=\"111\">\r\n<p><span style=\"color: #000000;\">4<\/span><\/p>\r\n<\/td>\r\n<\/tr>\r\n<tr>\r\n<td width=\"111\">\r\n<p><span style=\"color: #000000;\">alta<\/span><\/p>\r\n<\/td>\r\n<td width=\"111\">\r\n<p><span style=\"color: #000000;\">4<\/span><\/p>\r\n<\/td>\r\n<\/tr>\r\n<tr>\r\n<td rowspan=\"4\" width=\"193\">\r\n<p><span style=\"color: #000000;\">Surdos bil\u00edngues libras\/portugu\u00eas (8)<\/span><\/p>\r\n<\/td>\r\n<td rowspan=\"2\" width=\"151\">\r\n<p><span style=\"color: #000000;\">Feminino (4)<\/span><\/p>\r\n<\/td>\r\n<td width=\"111\">\r\n<p><span style=\"color: #000000;\">baixa<\/span><\/p>\r\n<\/td>\r\n<td width=\"111\">\r\n<p><span style=\"color: #000000;\">2<\/span><\/p>\r\n<\/td>\r\n<\/tr>\r\n<tr>\r\n<td width=\"111\">\r\n<p><span style=\"color: #000000;\">alta<\/span><\/p>\r\n<\/td>\r\n<td width=\"111\">\r\n<p><span style=\"color: #000000;\">2<\/span><\/p>\r\n<\/td>\r\n<\/tr>\r\n<tr>\r\n<td rowspan=\"2\" width=\"151\">\r\n<p><span style=\"color: #000000;\">Masculino (4)<\/span><\/p>\r\n<\/td>\r\n<td width=\"111\">\r\n<p><span style=\"color: #000000;\">baixa<\/span><\/p>\r\n<\/td>\r\n<td width=\"111\">\r\n<p><span style=\"color: #000000;\">2<\/span><\/p>\r\n<\/td>\r\n<\/tr>\r\n<tr>\r\n<td width=\"111\">\r\n<p><span style=\"color: #000000;\">alta<\/span><\/p>\r\n<\/td>\r\n<td width=\"111\">\r\n<p><span style=\"color: #000000;\">2<\/span><\/p>\r\n<\/td>\r\n<\/tr>\r\n<\/tbody>\r\n<\/table>\r\n<p style=\"text-align: justify;\"><span style=\"color: #000000;\">\u00a0 \u00a0\u00a0<\/span><\/p>\r\n<p style=\"text-align: justify;\"><span style=\"color: #000000;\">A amostra total da pesquisa foi composta por 40 participantes, divididos da seguintes forma: 16 pertencentes \u00e0 comunidade ind\u00edgena; 16 \u00e0 comunidade quilombola e 8 \u00e0 comunidade surdos bil\u00edngues \u2013 libras\/portugu\u00eas. Desses, temos 16 participantes do sexo masculino e 16 do sexo feminino (comunidades de pr\u00e1tica ind\u00edgena e quilombola) e 4 participantes do sexo masculino e 4 do sexo feminino ( comunidade de pr\u00e1tica surdos bil\u00edngues), divididos pelos seguintes n\u00edveis de escolaridade: 16 alta (m\u00e9dio incompleto, m\u00e9dio completo, superior incompleto ou superior completo) e 16 baixa (alfabetizado, fundamental s\u00e9ries iniciais ou fundamental s\u00e9ries finais), \u00a0membros pertencentes \u00e0s comunidades de pr\u00e1tica ind\u00edgena e quilombola. No que tange \u00e0 estratifica\u00e7\u00e3o dos participantes da comunidade surdos bil\u00edngues quanto \u00e0 escolaridade, teremos \u00a04 participantes com escolaridade alta e 4 com a escolaridade baixa.<\/span><\/p>\r\n\r\n<p>&nbsp;<\/p>\r\n","protected":false},"excerpt":{"rendered":"<p>Perfil dos Participantes Para a obten\u00e7\u00e3o do tipo de dado previsto, uma amostra estratificada foi considerada na sele\u00e7\u00e3o dos participantes da pesquisa em proced\u00eancia, comunidade de pr\u00e1tica, sexo e escolaridade. Foram selecionados 20 falantes de cada um dos dois Estados<\/p>\n","protected":false},"author":1,"featured_media":0,"parent":0,"menu_order":0,"comment_status":"closed","ping_status":"closed","template":"","meta":{"footnotes":""},"_links":{"self":[{"href":"https:\/\/gestosemblematicos.vaelp-tl.com\/index.php\/wp-json\/wp\/v2\/pages\/274"}],"collection":[{"href":"https:\/\/gestosemblematicos.vaelp-tl.com\/index.php\/wp-json\/wp\/v2\/pages"}],"about":[{"href":"https:\/\/gestosemblematicos.vaelp-tl.com\/index.php\/wp-json\/wp\/v2\/types\/page"}],"author":[{"embeddable":true,"href":"https:\/\/gestosemblematicos.vaelp-tl.com\/index.php\/wp-json\/wp\/v2\/users\/1"}],"replies":[{"embeddable":true,"href":"https:\/\/gestosemblematicos.vaelp-tl.com\/index.php\/wp-json\/wp\/v2\/comments?post=274"}],"version-history":[{"count":6,"href":"https:\/\/gestosemblematicos.vaelp-tl.com\/index.php\/wp-json\/wp\/v2\/pages\/274\/revisions"}],"predecessor-version":[{"id":442,"href":"https:\/\/gestosemblematicos.vaelp-tl.com\/index.php\/wp-json\/wp\/v2\/pages\/274\/revisions\/442"}],"wp:attachment":[{"href":"https:\/\/gestosemblematicos.vaelp-tl.com\/index.php\/wp-json\/wp\/v2\/media?parent=274"}],"curies":[{"name":"wp","href":"https:\/\/api.w.org\/{rel}","templated":true}]}}