{"id":251,"date":"2020-11-02T20:25:43","date_gmt":"2020-11-02T23:25:43","guid":{"rendered":"http:\/\/gestosemblematicos.vaelp-tl.com\/?page_id=251"},"modified":"2020-11-04T10:02:05","modified_gmt":"2020-11-04T13:02:05","slug":"historico","status":"publish","type":"page","link":"https:\/\/gestosemblematicos.vaelp-tl.com\/index.php\/historico\/","title":{"rendered":"Hist\u00f3rico"},"content":{"rendered":"<p style=\"text-align: center;\"><span style=\"font-size: 14pt; font-family: georgia, palatino, serif; color: #000000;\"><strong>HIST\u00d3RICO<\/strong><\/span><\/p>\n<p style=\"text-align: justify;\"><span style=\"font-family: georgia, palatino, serif; font-size: 12pt; color: #000000;\">O pontap\u00e9 inicial para o desenvolvimento dos estudos sobre gestos emblem\u00e1ticos do Portugu\u00eas Brasileiro numa perspectiva intracultural foi o minicurso proferido pelo Prof. Dr. Thiago da Cunha Nascimento que, atrav\u00e9s de uma parceria acad\u00eamica entre o N\u00facleo de Estudos de Comunica\u00e7\u00e3o (Inter)Cultural em Intera\u00e7\u00e3o (NUCOI &#8211; UFMG) e o Grupo de Pesquisa Vozes da Amaz\u00f4nia (UFPA), ministrou uma oficina sobre Tratamento de Dados Multimodais, na Universidade Federal do Par\u00e1, no per\u00edodo de 24 de maio a 01 de junho de 2018.<\/span><\/p>\n<p style=\"text-align: justify;\"><span style=\"font-family: georgia, palatino, serif; font-size: 12pt; color: #000000;\">O workshop foi realizado como atividade da disciplina Sociolingu\u00edstica do PPGL &#8211; UFPA, sob responsabilidade da Profa. Dra. Regina C\u00e9lia Fernandes Cruz (UFPA\/CNPq). Foi justamente durante o workshop que, uma vez tendo acesso \u00e0s ferramentas de an\u00e1lise do NUCOI para os gestos metaf\u00f3ricos, decidimos desenvolver uma pesquisa sobre gestos emblem\u00e1ticos numa perspectiva intracultural.<\/span><\/p>\n<p style=\"text-align: justify;\"><span style=\"font-family: georgia, palatino, serif; font-size: 12pt; color: #000000;\">O resultado dessa articula\u00e7\u00e3o foi a constru\u00e7\u00e3o do projeto de P\u00f3s-Doutorado do Prof. Dr. Fernando Augusto de Lima Oliveira (UPE\/GEADLin\/CNPq), que foi submetido ao CNPq, o qual obteve aprova\u00e7\u00e3o em 2019 \u2013 processo 151324\/2019-0, na chamada n\u00ba 22\/2018, intitulado: <strong>Quando o corpo fala: mapeamento de gestos emblem\u00e1ticos em comunidades de pr\u00e1tica de Pernambuco e Alagoas<\/strong>.<\/span><\/p>\n<p style=\"text-align: justify;\"><span style=\"font-family: georgia, palatino, serif; font-size: 12pt; color: #000000;\">O presente Banco de Dados constitu\u00eddo nesta plataforma digital, intitulado\u00a0<strong>Gestos Emblem\u00e1ticos do Portugu\u00eas Brasileiro (Gemport.Br)<\/strong>\u00a0tem por objetivo principal documentar, catalogar e organizar, em forma de banco de dados, os gestos emblem\u00e1ticos (ou gestos simb\u00f3licos) do Portugu\u00eas Brasileiro ainda n\u00e3o descritos nem categorizados nos estudos gestuais; e como objetivo complementar, constituir\u00a0<em>corpora<\/em>\u00a0multimodais de gestos emblem\u00e1ticos. Ademais, objetiva verificar se a categoriza\u00e7\u00e3o de gestos de Matsumoto e Hwang (2013) \u00e9 aplicada aos gestos emblem\u00e1ticos identificados no Portugu\u00eas Brasileiro.<\/span><\/p>\n<p style=\"text-align: justify;\"><span style=\"font-family: georgia, palatino, serif; font-size: 12pt; color: #000000;\">Nesse sentido, estudos integralizando a fala com a gestualidade constituem uma vertente inovadora na \u00e1rea da Lingu\u00edstica, o que nos motiva a investigar e a entender melhor os gestos, especialmente os que ocorrem independente da fala no \u00e2mbito intracultural, j\u00e1 que grande parte dos trabalhos estuda a rela\u00e7\u00e3o gesto-fala atrav\u00e9s de an\u00e1lises em intera\u00e7\u00f5es interculturais.<\/span><\/p>\n<p style=\"text-align: justify;\">\n","protected":false},"excerpt":{"rendered":"<p>HIST\u00d3RICO O pontap\u00e9 inicial para o desenvolvimento dos estudos sobre gestos emblem\u00e1ticos do Portugu\u00eas Brasileiro numa perspectiva intracultural foi o minicurso proferido pelo Prof. Dr. Thiago da Cunha Nascimento que, atrav\u00e9s de uma parceria acad\u00eamica entre o N\u00facleo de Estudos<\/p>\n","protected":false},"author":1,"featured_media":0,"parent":0,"menu_order":0,"comment_status":"closed","ping_status":"closed","template":"","meta":{"footnotes":""},"_links":{"self":[{"href":"https:\/\/gestosemblematicos.vaelp-tl.com\/index.php\/wp-json\/wp\/v2\/pages\/251"}],"collection":[{"href":"https:\/\/gestosemblematicos.vaelp-tl.com\/index.php\/wp-json\/wp\/v2\/pages"}],"about":[{"href":"https:\/\/gestosemblematicos.vaelp-tl.com\/index.php\/wp-json\/wp\/v2\/types\/page"}],"author":[{"embeddable":true,"href":"https:\/\/gestosemblematicos.vaelp-tl.com\/index.php\/wp-json\/wp\/v2\/users\/1"}],"replies":[{"embeddable":true,"href":"https:\/\/gestosemblematicos.vaelp-tl.com\/index.php\/wp-json\/wp\/v2\/comments?post=251"}],"version-history":[{"count":4,"href":"https:\/\/gestosemblematicos.vaelp-tl.com\/index.php\/wp-json\/wp\/v2\/pages\/251\/revisions"}],"predecessor-version":[{"id":392,"href":"https:\/\/gestosemblematicos.vaelp-tl.com\/index.php\/wp-json\/wp\/v2\/pages\/251\/revisions\/392"}],"wp:attachment":[{"href":"https:\/\/gestosemblematicos.vaelp-tl.com\/index.php\/wp-json\/wp\/v2\/media?parent=251"}],"curies":[{"name":"wp","href":"https:\/\/api.w.org\/{rel}","templated":true}]}}